{"id":562,"date":"2022-09-22T10:36:21","date_gmt":"2022-09-22T13:36:21","guid":{"rendered":"https:\/\/www.atilanofernandez.com.ar\/?page_id=562"},"modified":"2022-09-22T10:40:34","modified_gmt":"2022-09-22T13:40:34","slug":"victoria-zapico-2","status":"publish","type":"page","link":"https:\/\/www.atilanofernandez.com.ar\/en\/nosotros\/victoria-zapico-2\/","title":{"rendered":"Victoria Zapico"},"content":{"rendered":"\t\t<div data-elementor-type=\"wp-page\" data-elementor-id=\"562\" class=\"elementor elementor-562\">\n\t\t\t\t\t\t<section class=\"elementor-section elementor-top-section elementor-element elementor-element-a824d00 elementor-section-boxed elementor-section-height-default elementor-section-height-default\" data-id=\"a824d00\" data-element_type=\"section\" data-e-type=\"section\" data-settings=\"{&quot;background_background&quot;:&quot;slideshow&quot;,&quot;background_slideshow_gallery&quot;:[{&quot;id&quot;:110,&quot;url&quot;:&quot;http:\\\/\\\/www.atilanofernandez.com.ar\\\/wp-content\\\/uploads\\\/2019\\\/08\\\/neve-lawyers-demo-10.jpg&quot;}],&quot;background_slideshow_loop&quot;:&quot;yes&quot;,&quot;background_slideshow_slide_duration&quot;:5000,&quot;background_slideshow_slide_transition&quot;:&quot;fade&quot;,&quot;background_slideshow_transition_duration&quot;:500}\">\n\t\t\t\t\t\t<div class=\"elementor-container elementor-column-gap-default\">\n\t\t\t\t\t<div class=\"elementor-column elementor-col-100 elementor-top-column elementor-element elementor-element-5be1d12\" data-id=\"5be1d12\" data-element_type=\"column\" data-e-type=\"column\" data-settings=\"{&quot;background_background&quot;:&quot;classic&quot;}\">\n\t\t\t<div class=\"elementor-widget-wrap elementor-element-populated\">\n\t\t\t\t\t\t<div class=\"elementor-element elementor-element-45d9136 elementor-widget elementor-widget-heading\" data-id=\"45d9136\" data-element_type=\"widget\" data-e-type=\"widget\" data-widget_type=\"heading.default\">\n\t\t\t\t<div class=\"elementor-widget-container\">\n\t\t\t\t\t<h3 class=\"elementor-heading-title elementor-size-default\">nosotros<\/h3>\t\t\t\t<\/div>\n\t\t\t\t<\/div>\n\t\t\t\t<div class=\"elementor-element elementor-element-1c08514 elementor-widget-divider--view-line elementor-widget elementor-widget-divider\" data-id=\"1c08514\" data-element_type=\"widget\" data-e-type=\"widget\" data-widget_type=\"divider.default\">\n\t\t\t\t<div class=\"elementor-widget-container\">\n\t\t\t\t\t\t\t<div class=\"elementor-divider\">\n\t\t\t<span class=\"elementor-divider-separator\">\n\t\t\t\t\t\t<\/span>\n\t\t<\/div>\n\t\t\t\t\t\t<\/div>\n\t\t\t\t<\/div>\n\t\t\t\t\t<\/div>\n\t\t<\/div>\n\t\t\t\t\t<\/div>\n\t\t<\/section>\n\t\t\t\t<section class=\"elementor-section elementor-top-section elementor-element elementor-element-81a8163 elementor-section-boxed elementor-section-height-default elementor-section-height-default\" data-id=\"81a8163\" data-element_type=\"section\" data-e-type=\"section\">\n\t\t\t\t\t\t<div class=\"elementor-container elementor-column-gap-default\">\n\t\t\t\t\t<div class=\"elementor-column elementor-col-33 elementor-top-column elementor-element elementor-element-0282acd\" data-id=\"0282acd\" data-element_type=\"column\" data-e-type=\"column\">\n\t\t\t<div class=\"elementor-widget-wrap elementor-element-populated\">\n\t\t\t\t\t\t<div class=\"elementor-element elementor-element-4896439 elementor-widget elementor-widget-image\" data-id=\"4896439\" data-element_type=\"widget\" data-e-type=\"widget\" data-widget_type=\"image.default\">\n\t\t\t\t<div class=\"elementor-widget-container\">\n\t\t\t\t\t\t\t\t\t\t\t\t\t\t\t<img fetchpriority=\"high\" decoding=\"async\" width=\"800\" height=\"800\" src=\"https:\/\/www.atilanofernandez.com.ar\/wp-content\/uploads\/2022\/09\/victoria-zapico.jpg\" class=\"attachment-large size-large wp-image-558\" alt=\"\" srcset=\"https:\/\/www.atilanofernandez.com.ar\/wp-content\/uploads\/2022\/09\/victoria-zapico.jpg 800w, https:\/\/www.atilanofernandez.com.ar\/wp-content\/uploads\/2022\/09\/victoria-zapico-300x300.jpg 300w, https:\/\/www.atilanofernandez.com.ar\/wp-content\/uploads\/2022\/09\/victoria-zapico-150x150.jpg 150w, https:\/\/www.atilanofernandez.com.ar\/wp-content\/uploads\/2022\/09\/victoria-zapico-768x768.jpg 768w, https:\/\/www.atilanofernandez.com.ar\/wp-content\/uploads\/2022\/09\/victoria-zapico-12x12.jpg 12w\" sizes=\"(max-width: 800px) 100vw, 800px\" \/>\t\t\t\t\t\t\t\t\t\t\t\t\t\t\t<\/div>\n\t\t\t\t<\/div>\n\t\t\t\t<div class=\"elementor-element elementor-element-d242113 elementor-widget-divider--view-line elementor-widget elementor-widget-divider\" data-id=\"d242113\" data-element_type=\"widget\" data-e-type=\"widget\" data-widget_type=\"divider.default\">\n\t\t\t\t<div class=\"elementor-widget-container\">\n\t\t\t\t\t\t\t<div class=\"elementor-divider\">\n\t\t\t<span class=\"elementor-divider-separator\">\n\t\t\t\t\t\t<\/span>\n\t\t<\/div>\n\t\t\t\t\t\t<\/div>\n\t\t\t\t<\/div>\n\t\t\t\t\t<\/div>\n\t\t<\/div>\n\t\t\t\t<div class=\"elementor-column elementor-col-66 elementor-top-column elementor-element elementor-element-99f8400\" data-id=\"99f8400\" data-element_type=\"column\" data-e-type=\"column\">\n\t\t\t<div class=\"elementor-widget-wrap elementor-element-populated\">\n\t\t\t\t\t\t<div class=\"elementor-element elementor-element-9a0cd3a elementor-widget-divider--view-line elementor-widget elementor-widget-divider\" data-id=\"9a0cd3a\" data-element_type=\"widget\" data-e-type=\"widget\" data-widget_type=\"divider.default\">\n\t\t\t\t<div class=\"elementor-widget-container\">\n\t\t\t\t\t\t\t<div class=\"elementor-divider\">\n\t\t\t<span class=\"elementor-divider-separator\">\n\t\t\t\t\t\t<\/span>\n\t\t<\/div>\n\t\t\t\t\t\t<\/div>\n\t\t\t\t<\/div>\n\t\t\t\t<div class=\"elementor-element elementor-element-d24e233 elementor-widget elementor-widget-text-editor\" data-id=\"d24e233\" data-element_type=\"widget\" data-e-type=\"widget\" data-widget_type=\"text-editor.default\">\n\t\t\t\t<div class=\"elementor-widget-container\">\n\t\t\t\t\t\t\t\t\t<p><span style=\"font-weight: 400;\">Se recibi\u00f3 de abogada con orientaci\u00f3n en derecho empresarial en la Universidad de Buenos Aires y en la misma universidad curs\u00f3 la Carrera de especializaci\u00f3n en Derecho Inform\u00e1tico.<\/span><\/p><p><span style=\"font-weight: 400;\">Su pr\u00e1ctica profesional estuvo siempre vinculada al \u00e1mbito corporativo dando asesoramiento jur\u00eddico a empresas de tecnolog\u00eda y telecomunicaciones en todo tipo de transacciones comerciales, pero especialmente en aquellas vinculadas con el derecho de Internet y tecnolog\u00eda, protecci\u00f3n de datos personales, ciberseguridad y delitos inform\u00e1ticos.<\/span><\/p><p class=\"p1\">\u00c1reas de especializaci\u00f3n:<\/p><ul><li class=\"p1\"><strong>Protecci\u00f3n y tratamiento de datos personales.<\/strong> Asesoramiento en la redacci\u00f3n de pol\u00edticas de privacidad; acuerdos de cesi\u00f3n de datos personales; acuerdos de outsourcing de datos personales; acuerdos de transferencia internacional de datos personales y representaci\u00f3n ante la Agencia de Acceso a la Informaci\u00f3n P\u00fablica (AAIP).<\/li><li class=\"p1\"><strong>Defensa del Consumidor.<\/strong> Revisi\u00f3n de los procesos de ventas, campa\u00f1as de publicidad, redacci\u00f3n de condiciones de comercializaci\u00f3n a fin de adecuarlos a la normativa de defensa del consumidor; asesoramiento legal y representaci\u00f3n en toda clase de procedimientos administrativos y judiciales bajo la Ley de Protecci\u00f3n al Consumidor.<br \/><br \/><\/li><li class=\"p1\"><strong>Redacci\u00f3n de contratos.<\/strong> Redacci\u00f3n y el an\u00e1lisis de contratos de transferencia de tecnolog\u00eda, contratos inform\u00e1ticos, ofertas de servicios en la nube y contratos de tercerizaci\u00f3n de servicios inform\u00e1ticos; convenios de confidencialidad; entre otros.<br \/><br \/><\/li><li class=\"p1\"><strong>Propiedad Intelectual.<\/strong> Presentaci\u00f3n, registro y protecci\u00f3n de derechos de Propiedad Intelectual ante el Instituto Nacional de la Propiedad Industrial (INPI) y la oficina de Derecho de autor (Direcci\u00f3n Nacional del Derecho de Autor).<\/li><\/ul>\t\t\t\t\t\t\t\t<\/div>\n\t\t\t\t<\/div>\n\t\t\t\t<div class=\"elementor-element elementor-element-b167893 elementor-shape-circle e-grid-align-left elementor-grid-0 elementor-widget elementor-widget-social-icons\" data-id=\"b167893\" data-element_type=\"widget\" data-e-type=\"widget\" data-widget_type=\"social-icons.default\">\n\t\t\t\t<div class=\"elementor-widget-container\">\n\t\t\t\t\t\t\t<div class=\"elementor-social-icons-wrapper elementor-grid\" role=\"list\">\n\t\t\t\t\t\t\t<span class=\"elementor-grid-item\" role=\"listitem\">\n\t\t\t\t\t<a class=\"elementor-icon elementor-social-icon elementor-social-icon-linkedin elementor-repeater-item-6e312ef\" href=\"https:\/\/www.linkedin.com\/in\/maria-victoria-zapico-3324833a\/?originalSubdomain=ar\" target=\"_blank\">\n\t\t\t\t\t\t<span class=\"elementor-screen-only\">Linkedin<\/span>\n\t\t\t\t\t\t<i aria-hidden=\"true\" class=\"fab fa-linkedin\"><\/i>\t\t\t\t\t<\/a>\n\t\t\t\t<\/span>\n\t\t\t\t\t\t\t<span class=\"elementor-grid-item\" role=\"listitem\">\n\t\t\t\t\t<a class=\"elementor-icon elementor-social-icon elementor-social-icon-envelope elementor-repeater-item-7f51452\" href=\"mailto:abogadazapicovictoria@gmail.com\" target=\"_blank\">\n\t\t\t\t\t\t<span class=\"elementor-screen-only\">Envelope<\/span>\n\t\t\t\t\t\t<i aria-hidden=\"true\" class=\"fas fa-envelope\"><\/i>\t\t\t\t\t<\/a>\n\t\t\t\t<\/span>\n\t\t\t\t\t<\/div>\n\t\t\t\t\t\t<\/div>\n\t\t\t\t<\/div>\n\t\t\t\t\t<\/div>\n\t\t<\/div>\n\t\t\t\t\t<\/div>\n\t\t<\/section>\n\t\t\t\t<\/div>\n\t\t","protected":false},"excerpt":{"rendered":"<p>nosotros Victoria Zapico Abogada \/ Attorney at Law Abogada mag\u00edster en Derecho Empresarial por la Universidad de San Andr\u00e9s. Se recibi\u00f3 de abogada con orientaci\u00f3n en derecho empresarial en la Universidad de Buenos Aires y en la misma universidad curs\u00f3 la Carrera de especializaci\u00f3n en Derecho Inform\u00e1tico. Su pr\u00e1ctica profesional estuvo siempre vinculada al \u00e1mbito&hellip;&nbsp;<a href=\"https:\/\/www.atilanofernandez.com.ar\/en\/nosotros\/victoria-zapico-2\/\" rel=\"bookmark\">Read More &raquo;<span class=\"screen-reader-text\">Victoria Zapico<\/span><\/a><\/p>","protected":false},"author":1,"featured_media":0,"parent":255,"menu_order":0,"comment_status":"closed","ping_status":"closed","template":"page-templates\/template-pagebuilder-full-width.php","meta":{"neve_meta_sidebar":"full-width","neve_meta_container":"","neve_meta_enable_content_width":"on","neve_meta_content_width":100,"neve_meta_title_alignment":"","neve_meta_author_avatar":"","neve_post_elements_order":"","neve_meta_disable_header":"","neve_meta_disable_footer":"","neve_meta_disable_title":"","_themeisle_gutenberg_block_has_review":false,"footnotes":""},"class_list":["post-562","page","type-page","status-publish","hentry"],"_links":{"self":[{"href":"https:\/\/www.atilanofernandez.com.ar\/en\/wp-json\/wp\/v2\/pages\/562","targetHints":{"allow":["GET"]}}],"collection":[{"href":"https:\/\/www.atilanofernandez.com.ar\/en\/wp-json\/wp\/v2\/pages"}],"about":[{"href":"https:\/\/www.atilanofernandez.com.ar\/en\/wp-json\/wp\/v2\/types\/page"}],"author":[{"embeddable":true,"href":"https:\/\/www.atilanofernandez.com.ar\/en\/wp-json\/wp\/v2\/users\/1"}],"replies":[{"embeddable":true,"href":"https:\/\/www.atilanofernandez.com.ar\/en\/wp-json\/wp\/v2\/comments?post=562"}],"version-history":[{"count":7,"href":"https:\/\/www.atilanofernandez.com.ar\/en\/wp-json\/wp\/v2\/pages\/562\/revisions"}],"predecessor-version":[{"id":569,"href":"https:\/\/www.atilanofernandez.com.ar\/en\/wp-json\/wp\/v2\/pages\/562\/revisions\/569"}],"up":[{"embeddable":true,"href":"https:\/\/www.atilanofernandez.com.ar\/en\/wp-json\/wp\/v2\/pages\/255"}],"wp:attachment":[{"href":"https:\/\/www.atilanofernandez.com.ar\/en\/wp-json\/wp\/v2\/media?parent=562"}],"curies":[{"name":"wp","href":"https:\/\/api.w.org\/{rel}","templated":true}]}}